{"id":336,"date":"2022-11-30T09:59:21","date_gmt":"2022-11-30T09:59:21","guid":{"rendered":"https:\/\/novotelbucarest.accorv2prod.decms.eu\/weddings\/private-functions\/"},"modified":"2022-12-22T12:56:34","modified_gmt":"2022-12-22T12:56:34","slug":"evenements-prives","status":"publish","type":"page","link":"https:\/\/www.novotelbucharestcitycentre.com\/fr\/mariages\/evenements-prives\/","title":{"rendered":"EVENEMENTS PRIVES"},"content":{"rendered":"<p>Une f\u00eate de bapt\u00eame pour un nouveau membre de votre famille&#8230; Une f\u00eate de promo&#8230; Un anniversaire ou une autre f\u00eate de r\u00e9f\u00e9rence&#8230; La vie est remplie de rep\u00e8res qui m\u00e9ritent d\u2019\u00eatre c\u00e9l\u00e9br\u00e9s.<\/p>\n<p>Chez Novotel Bucharest City Centre nous avons une gamme large d\u2019espaces dignes de toute occasion, \u00e0 partir de notre grande salle de bal Paris ou de notre magnifique Foyer, jusqu\u2019\u00e0 une s\u00e9lection d\u2019espaces plus intimes. Et nos directeurs d\u2019\u00e9v\u00e9nements vous aideront avec tous les arrangements, \u00e0 partir des options superbes de plats et de boissons jusqu\u2019au d\u00e9cors et aux loisirs.<\/p>\n","protected":false},"excerpt":{"rendered":"<p>Une f\u00eate de bapt\u00eame pour un nouveau membre de votre famille&#8230; Une f\u00eate de promo&#8230; Un anniversaire ou une autre f\u00eate de r\u00e9f\u00e9rence&#8230; La vie est remplie de rep\u00e8res qui m\u00e9ritent d\u2019\u00eatre c\u00e9l\u00e9br\u00e9s. Chez Novotel Bucharest City Centre nous avons une gamme large d\u2019espaces dignes de toute occasion, \u00e0 partir de notre grande salle de [&hellip;]<\/p>\n","protected":false},"author":26,"featured_media":0,"parent":332,"menu_order":71,"comment_status":"closed","ping_status":"closed","template":"","meta":{"footnotes":""},"categories":[],"class_list":["post-336","page","type-page","status-publish","hentry"],"acf":[],"yoast_head":"<!-- This site is optimized with the Yoast SEO plugin v26.9 - https:\/\/yoast.com\/product\/yoast-seo-wordpress\/ -->\n<title>Ev\u00e9nements priv\u00e9s | Novotel Bucharest City Center | H\u00f4tel 4 \u00e9toiles<\/title>\n<meta name=\"description\" content=\"Organisez vos \u00e9v\u00e9nements priv\u00e9s \u00e0 Bucarest, \u00e0 partir des f\u00eates de promo jusqu\u2019aux anniversaires, dans nos espaces d\u2019\u00e9v\u00e9nements flexibles et \u00e9l\u00e9gants.\" \/>\n<meta name=\"robots\" content=\"index, follow, max-snippet:-1, max-image-preview:large, max-video-preview:-1\" \/>\n<link rel=\"canonical\" href=\"https:\/\/www.novotelbucharestcitycentre.com\/fr\/mariages\/evenements-prives\/\" \/>\n<meta property=\"og:locale\" content=\"fr_FR\" \/>\n<meta property=\"og:type\" content=\"article\" \/>\n<meta property=\"og:title\" content=\"Ev\u00e9nements priv\u00e9s | Novotel Bucharest City Center | H\u00f4tel 4 \u00e9toiles\" \/>\n<meta property=\"og:description\" content=\"Organisez vos \u00e9v\u00e9nements priv\u00e9s \u00e0 Bucarest, \u00e0 partir des f\u00eates de promo jusqu\u2019aux anniversaires, dans nos espaces d\u2019\u00e9v\u00e9nements flexibles et \u00e9l\u00e9gants.\" \/>\n<meta property=\"og:url\" content=\"https:\/\/www.novotelbucharestcitycentre.com\/fr\/mariages\/evenements-prives\/\" \/>\n<meta property=\"og:site_name\" content=\"Novotel Bucarest City Centre SL\" \/>\n<meta property=\"article:modified_time\" content=\"2022-12-22T12:56:34+00:00\" \/>\n<meta name=\"twitter:card\" content=\"summary_large_image\" \/>\n<meta name=\"twitter:label1\" content=\"Dur\u00e9e de lecture est.\" \/>\n\t<meta name=\"twitter:data1\" content=\"1 minute\" \/>\n<script type=\"application\/ld+json\" class=\"yoast-schema-graph\">{\"@context\":\"https:\/\/schema.org\",\"@graph\":[{\"@type\":\"WebPage\",\"@id\":\"https:\/\/www.novotelbucharestcitycentre.com\/fr\/mariages\/evenements-prives\/\",\"url\":\"https:\/\/www.novotelbucharestcitycentre.com\/fr\/mariages\/evenements-prives\/\",\"name\":\"Ev\u00e9nements priv\u00e9s | Novotel Bucharest City Center | H\u00f4tel 4 \u00e9toiles\",\"isPartOf\":{\"@id\":\"https:\/\/www.novotelbucharestcitycentre.com\/#website\"},\"datePublished\":\"2022-11-30T09:59:21+00:00\",\"dateModified\":\"2022-12-22T12:56:34+00:00\",\"description\":\"Organisez vos \u00e9v\u00e9nements priv\u00e9s \u00e0 Bucarest, \u00e0 partir des f\u00eates de promo jusqu\u2019aux anniversaires, dans nos espaces d\u2019\u00e9v\u00e9nements flexibles et \u00e9l\u00e9gants.\",\"breadcrumb\":{\"@id\":\"https:\/\/www.novotelbucharestcitycentre.com\/fr\/mariages\/evenements-prives\/#breadcrumb\"},\"inLanguage\":\"fr-FR\",\"potentialAction\":[{\"@type\":\"ReadAction\",\"target\":[\"https:\/\/www.novotelbucharestcitycentre.com\/fr\/mariages\/evenements-prives\/\"]}]},{\"@type\":\"BreadcrumbList\",\"@id\":\"https:\/\/www.novotelbucharestcitycentre.com\/fr\/mariages\/evenements-prives\/#breadcrumb\",\"itemListElement\":[{\"@type\":\"ListItem\",\"position\":1,\"name\":\"Home\",\"item\":\"https:\/\/www.novotelbucharestcitycentre.com\/fr\/\"},{\"@type\":\"ListItem\",\"position\":2,\"name\":\"MARIAGES\",\"item\":\"https:\/\/www.novotelbucharestcitycentre.com\/fr\/mariages\/\"},{\"@type\":\"ListItem\",\"position\":3,\"name\":\"EVENEMENTS PRIVES\"}]},{\"@type\":\"WebSite\",\"@id\":\"https:\/\/www.novotelbucharestcitycentre.com\/#website\",\"url\":\"https:\/\/www.novotelbucharestcitycentre.com\/\",\"name\":\"Novotel Bucarest City Centre SL\",\"description\":\"Just another D-Edge Accor V2 Sites Hosting site\",\"potentialAction\":[{\"@type\":\"SearchAction\",\"target\":{\"@type\":\"EntryPoint\",\"urlTemplate\":\"https:\/\/www.novotelbucharestcitycentre.com\/?s={search_term_string}\"},\"query-input\":{\"@type\":\"PropertyValueSpecification\",\"valueRequired\":true,\"valueName\":\"search_term_string\"}}],\"inLanguage\":\"fr-FR\"}]}<\/script>\n<!-- \/ Yoast SEO plugin. -->","yoast_head_json":{"title":"Ev\u00e9nements priv\u00e9s | Novotel Bucharest City Center | H\u00f4tel 4 \u00e9toiles","description":"Organisez vos \u00e9v\u00e9nements priv\u00e9s \u00e0 Bucarest, \u00e0 partir des f\u00eates de promo jusqu\u2019aux anniversaires, dans nos espaces d\u2019\u00e9v\u00e9nements flexibles et \u00e9l\u00e9gants.","robots":{"index":"index","follow":"follow","max-snippet":"max-snippet:-1","max-image-preview":"max-image-preview:large","max-video-preview":"max-video-preview:-1"},"canonical":"https:\/\/www.novotelbucharestcitycentre.com\/fr\/mariages\/evenements-prives\/","og_locale":"fr_FR","og_type":"article","og_title":"Ev\u00e9nements priv\u00e9s | Novotel Bucharest City Center | H\u00f4tel 4 \u00e9toiles","og_description":"Organisez vos \u00e9v\u00e9nements priv\u00e9s \u00e0 Bucarest, \u00e0 partir des f\u00eates de promo jusqu\u2019aux anniversaires, dans nos espaces d\u2019\u00e9v\u00e9nements flexibles et \u00e9l\u00e9gants.","og_url":"https:\/\/www.novotelbucharestcitycentre.com\/fr\/mariages\/evenements-prives\/","og_site_name":"Novotel Bucarest City Centre SL","article_modified_time":"2022-12-22T12:56:34+00:00","twitter_card":"summary_large_image","twitter_misc":{"Dur\u00e9e de lecture est.":"1 minute"},"schema":{"@context":"https:\/\/schema.org","@graph":[{"@type":"WebPage","@id":"https:\/\/www.novotelbucharestcitycentre.com\/fr\/mariages\/evenements-prives\/","url":"https:\/\/www.novotelbucharestcitycentre.com\/fr\/mariages\/evenements-prives\/","name":"Ev\u00e9nements priv\u00e9s | Novotel Bucharest City Center | H\u00f4tel 4 \u00e9toiles","isPartOf":{"@id":"https:\/\/www.novotelbucharestcitycentre.com\/#website"},"datePublished":"2022-11-30T09:59:21+00:00","dateModified":"2022-12-22T12:56:34+00:00","description":"Organisez vos \u00e9v\u00e9nements priv\u00e9s \u00e0 Bucarest, \u00e0 partir des f\u00eates de promo jusqu\u2019aux anniversaires, dans nos espaces d\u2019\u00e9v\u00e9nements flexibles et \u00e9l\u00e9gants.","breadcrumb":{"@id":"https:\/\/www.novotelbucharestcitycentre.com\/fr\/mariages\/evenements-prives\/#breadcrumb"},"inLanguage":"fr-FR","potentialAction":[{"@type":"ReadAction","target":["https:\/\/www.novotelbucharestcitycentre.com\/fr\/mariages\/evenements-prives\/"]}]},{"@type":"BreadcrumbList","@id":"https:\/\/www.novotelbucharestcitycentre.com\/fr\/mariages\/evenements-prives\/#breadcrumb","itemListElement":[{"@type":"ListItem","position":1,"name":"Home","item":"https:\/\/www.novotelbucharestcitycentre.com\/fr\/"},{"@type":"ListItem","position":2,"name":"MARIAGES","item":"https:\/\/www.novotelbucharestcitycentre.com\/fr\/mariages\/"},{"@type":"ListItem","position":3,"name":"EVENEMENTS PRIVES"}]},{"@type":"WebSite","@id":"https:\/\/www.novotelbucharestcitycentre.com\/#website","url":"https:\/\/www.novotelbucharestcitycentre.com\/","name":"Novotel Bucarest City Centre SL","description":"Just another D-Edge Accor V2 Sites Hosting site","potentialAction":[{"@type":"SearchAction","target":{"@type":"EntryPoint","urlTemplate":"https:\/\/www.novotelbucharestcitycentre.com\/?s={search_term_string}"},"query-input":{"@type":"PropertyValueSpecification","valueRequired":true,"valueName":"search_term_string"}}],"inLanguage":"fr-FR"}]}},"_links":{"self":[{"href":"https:\/\/www.novotelbucharestcitycentre.com\/fr\/wp-json\/wp\/v2\/pages\/336","targetHints":{"allow":["GET"]}}],"collection":[{"href":"https:\/\/www.novotelbucharestcitycentre.com\/fr\/wp-json\/wp\/v2\/pages"}],"about":[{"href":"https:\/\/www.novotelbucharestcitycentre.com\/fr\/wp-json\/wp\/v2\/types\/page"}],"author":[{"embeddable":true,"href":"https:\/\/www.novotelbucharestcitycentre.com\/fr\/wp-json\/wp\/v2\/users\/26"}],"replies":[{"embeddable":true,"href":"https:\/\/www.novotelbucharestcitycentre.com\/fr\/wp-json\/wp\/v2\/comments?post=336"}],"version-history":[{"count":0,"href":"https:\/\/www.novotelbucharestcitycentre.com\/fr\/wp-json\/wp\/v2\/pages\/336\/revisions"}],"up":[{"embeddable":true,"href":"https:\/\/www.novotelbucharestcitycentre.com\/fr\/wp-json\/wp\/v2\/pages\/332"}],"wp:attachment":[{"href":"https:\/\/www.novotelbucharestcitycentre.com\/fr\/wp-json\/wp\/v2\/media?parent=336"}],"wp:term":[{"taxonomy":"category","embeddable":true,"href":"https:\/\/www.novotelbucharestcitycentre.com\/fr\/wp-json\/wp\/v2\/categories?post=336"}],"curies":[{"name":"wp","href":"https:\/\/api.w.org\/{rel}","templated":true}]}}